{"id":32813,"date":"2021-07-27T20:16:23","date_gmt":"2021-07-27T17:16:23","guid":{"rendered":"https:\/\/www.nevitaint.com\/omer-faruk-akbal\/"},"modified":"2025-06-26T16:04:05","modified_gmt":"2025-06-26T13:04:05","slug":"omer-faruk-akbal","status":"publish","type":"page","link":"https:\/\/www.nevitaint.com\/tr\/omer-faruk-akbal\/","title":{"rendered":"\u00d6mer Faruk Akbal"},"content":{"rendered":"\r\n<div class=\"is-layout-flex wp-container-1 wp-block-columns\">\r\n<div class=\"wp-block-column\" style=\"flex-basis: 33.33%;\">\r\n<figure class=\"wp-block-image size-large\"><img decoding=\"async\" loading=\"lazy\" class=\"alignnone wp-image-61958 \" src=\"https:\/\/www.nevitaint.com\/wp-content\/uploads\/2025\/06\/O\u0308merFarukAkbal-300x200.jpg\" alt=\"\" width=\"310\" height=\"207\" srcset=\"https:\/\/www.nevitaint.com\/wp-content\/uploads\/2025\/06\/O\u0308merFarukAkbal-300x200.jpg 300w, https:\/\/www.nevitaint.com\/wp-content\/uploads\/2025\/06\/O\u0308merFarukAkbal-1024x683.jpg 1024w, https:\/\/www.nevitaint.com\/wp-content\/uploads\/2025\/06\/O\u0308merFarukAkbal-768x512.jpg 768w, https:\/\/www.nevitaint.com\/wp-content\/uploads\/2025\/06\/O\u0308merFarukAkbal-1536x1025.jpg 1536w, https:\/\/www.nevitaint.com\/wp-content\/uploads\/2025\/06\/O\u0308merFarukAkbal.jpg 2048w\" sizes=\"(max-width: 310px) 100vw, 310px\" \/><\/figure>\r\n<\/div>\r\n<div class=\"wp-block-column\" style=\"flex-basis: 66.66%;\">\u00a0<\/div>\r\n<\/div>\r\n<p><strong>\u00d6mer Faruk Akbal <\/strong><\/p>\r\n<p><strong>(1987 \u2013 Konya)<\/strong><\/p>\r\n<p>&nbsp;<\/p>\r\n<p><strong>T\u00fcrk i\u015f insan\u0131, Nevita Y\u00f6netim Kurulu Ba\u015fkan\u0131, Fuzul Topraktan Y\u00f6netim Kurulu Ba\u015fkan\u0131, Gen\u00e7 M\u00dcS\u0130AD\u2019\u0131n 6\u2019nc\u0131 D\u00f6nem Ba\u015fkan\u0131, Gayrimenkul Yurt D\u0131\u015f\u0131 Tan\u0131t\u0131m Derne\u011fi Y\u00f6netim Kurulu Kurucu Ba\u015fkan\u0131, Gyoder Y\u00f6netim Kurulu \u00dcyesi, Konutder Y\u00fcr\u00fctme Kurulu \u00dcyesi, \u0130stanbul Ticaret Odas\u0131 Meclis \u00dcyesi.<\/strong><\/p>\r\n<p>\u00d6mer Faruk Akbal; 1987 y\u0131l\u0131nda Konya\u2019da d\u00fcnyaya geldi. \u0130\u015fletme B\u00f6l\u00fcm\u00fc\u2019nden mezun olmas\u0131n\u0131n ard\u0131ndan \u0130ngiltere\u2019nin Bournemouth \u00dcniversitesi\u2019nde \u201cPazarlama ve Y\u00f6netim\u201d alan\u0131nda y\u00fcksek lisans\u0131n\u0131 tamamlayan Akbal, \u0130stanbul Ticaret \u00dcniversitesi\u2019nden de \u201cY\u00f6netim ve Organizasyon\u201d konusunda doktora tezini vererek doktor \u00fcnvan\u0131na sahip oldu.<\/p>\r\n<p>Seyahat etmeyi ve kitap okumay\u0131 seviyor olmas\u0131n\u0131n d\u0131\u015f\u0131nda tarih, politika ve ekonomi konular\u0131na da ilgi duruyor. \u0130yi derece \u0130ngilizce, ba\u015flang\u0131\u00e7 seviyesinde Arap\u00e7a bilen Akbal, evli ve \u00fc\u00e7 \u00e7ocuk babas\u0131\u2026<\/p>\r\n<p>&nbsp;<\/p>\r\n<p><strong>\u0130\u015f Ya\u015fam\u0131<\/strong><\/p>\r\n<p>Bournemouth \u00dcniversitesi\u2019ndeki e\u011fitimini tamamlamas\u0131n\u0131n ard\u0131ndan T\u00fcrkiye\u2019ye d\u00f6nen \u00d6mer Faruk Akbal, 2011-2012 y\u0131llar\u0131 aras\u0131nda perakende sekt\u00f6r\u00fcn\u00fcn lider \u015firketlerinden birinde pazarlama ve y\u00f6netim operasyonlar\u0131n\u0131 y\u00fcr\u00fcten ekipte g\u00f6rev ald\u0131. 2012 y\u0131l\u0131nda ise aile \u015firketi olan Fuzul Holding\u2019te Y\u00f6netim Kurulu \u00dcyesi olarak g\u00f6reve ba\u015flad\u0131. 2014 itibar\u0131yla da Fuzul Holding b\u00fcnyesinde kurulan Nevita\u2019da Y\u00f6netim Kurulu Ba\u015fkan\u0131 oldu. T\u00fcrkiye\u2019ye yurt d\u0131\u015f\u0131ndan yabanc\u0131 yat\u0131r\u0131mc\u0131 \u00e7ekme ad\u0131na \u00e7al\u0131\u015fmalar s\u00fcrd\u00fcren Nevita\u2019da, T\u00fcrkiye\u2019ye ekonomisine d\u00f6viz girdisi sa\u011flama ad\u0131na da \u00f6nemli bir g\u00f6rev \u00fcstleniyor. Akbal, H\u00e2lihaz\u0131rda 2.5 milyar dolar portf\u00f6y b\u00fcy\u00fckl\u00fc\u011f\u00fc ile hareket eden ve i\u00e7erisinde Galatasaray\u2019\u0131n da bulundu\u011fu T\u00fcrkiye\u2019nin en itibarl\u0131 kurumlar\u0131na hizmet veren Nevita\u2019n\u0131n T\u00fcrkiye\u2019nin yabanc\u0131 yat\u0131r\u0131mc\u0131 \u00e7ekmesi hususunda bayrak ta\u015f\u0131y\u0131c\u0131 rol\u00fcne ula\u015fmas\u0131nda \u00f6nemli \u00e7al\u0131\u015fmalar ortaya koydu. 2019 y\u0131l\u0131nda Fuzul Holding b\u00fcnyesinde yeni nesil konaklama sekt\u00f6r\u00fcnde faaliyetine ba\u015flayan NEW INN\u2019in kurucular\u0131 aras\u0131nda yer ald\u0131. \u015eu an Fuzul Holding\u2019in \u201cEri\u015filebilir Konutlar\u201d \u00fcretmek hedefiyle 2023 y\u0131l\u0131nda kurulan \u015firketi Fuzul Topraktan\u2019\u0131n da Y\u00f6netim Kurulu Ba\u015fkanl\u0131\u011f\u0131 g\u00f6revini s\u00fcrd\u00fcr\u00fcyor.<\/p>\r\n<p>&nbsp;<\/p>\r\n<p><strong>Sivil Toplum Kurulu\u015flar\u0131ndaki Faaliyetleri<\/strong><\/p>\r\n<p>Sivil toplum kurulu\u015flar\u0131nda aktif olarak yer alan \u00d6mer Faruk Akbal, 2008 y\u0131l\u0131nda M\u00fcstakil Sanayici ve \u0130\u015fadamlar\u0131 Derne\u011fi\u2019nin gen\u00e7lik platformu olan Gen\u00e7 M\u00dcS\u0130AD\u2019a ad\u0131m att\u0131. 2013-2015 y\u0131llar\u0131 aras\u0131nda Gen\u00e7 M\u00dcS\u0130AD Ba\u015fkan\u0131 olan Akbal; bu s\u00fcre\u00e7te gen\u00e7 giri\u015fimcilerin desteklenmesine, istihdam\u0131n artmas\u0131na, \u00e7e\u015fitli seminer, konferans ve fuar gibi etkinliklerin hayata ge\u00e7irilmesine kadar bir dizi \u00e7al\u0131\u015fman\u0131n i\u00e7erisinde yer ald\u0131. 2014 y\u0131l\u0131nda ise \u0130stanbul Bilgi \u00dcniversitesi taraf\u0131ndan \u201cY\u0131l\u0131n Gen\u00e7 Sivil Toplum \u00d6nderi\u201d \u00f6d\u00fcl\u00fcn\u00fcn sahibi oldu.<\/p>\r\n<p>&nbsp;<\/p>\r\n<p>D\u0131\u015f Ekonomik \u0130li\u015fkiler Kurulu (DE\u0130K) \u00fcyesi de olan \u00d6mer Faruk Akbal, 2018 y\u0131l\u0131n\u0131n Ocak ay\u0131nda T\u00fcrkiye \u2013 \u00dcrd\u00fcn \u0130\u015f Konseyi Ba\u015fkan\u0131 se\u00e7ildi. \u00d6te yandan DE\u0130K b\u00fcnyesindeki \u00e7e\u015fitli i\u015f konseylerinin y\u00f6netim kademelerinde g\u00f6rev ald\u0131.<\/p>\r\n<p>&nbsp;<\/p>\r\n<p>2020 y\u0131l\u0131nda ise T\u00fcrkiye\u2019nin lokomotif sekt\u00f6rlerinden olan gayrimenkul\u00fcn d\u00fcnyaya a\u00e7\u0131lan y\u00fcz\u00fc olma amac\u0131yla kurulan Gayrimenkul Yurt D\u0131\u015f\u0131 Tan\u0131t\u0131m Derne\u011fi\u2019nin (G\u0130GDER) kurucu ba\u015fkan\u0131 oldu. G\u0130GDER\u2019deki g\u00f6revini 2023 y\u0131l\u0131nda ger\u00e7ekle\u015ftirilen Genel Kurul ile devretti.<\/p>\r\n<p>&nbsp;<\/p>\r\n<p>Di\u011fer yandan \u0130stanbul Ticaret Odas\u0131 Meclis \u00dcyesi, GYODER Y\u00f6netim Kurulu \u00dcyesi ve KONUTDER Y\u00fcr\u00fctme Kurulu \u00dcyeli\u011fi g\u00f6revlerine devam ediyor.<\/p>\r\n","protected":false},"excerpt":{"rendered":"<p>\u00a0 \u00d6mer Faruk Akbal (1987 \u2013 Konya) &nbsp; T\u00fcrk i\u015f insan\u0131, Nevita Y\u00f6netim Kurulu Ba\u015fkan\u0131, Fuzul Topraktan Y\u00f6netim Kurulu Ba\u015fkan\u0131, Gen\u00e7 M\u00dcS\u0130AD\u2019\u0131n 6\u2019nc\u0131 D\u00f6nem Ba\u015fkan\u0131, Gayrimenkul Yurt D\u0131\u015f\u0131 Tan\u0131t\u0131m Derne\u011fi Y\u00f6netim Kurulu Kurucu Ba\u015fkan\u0131, Gyoder Y\u00f6netim Kurulu \u00dcyesi, Konutder Y\u00fcr\u00fctme Kurulu \u00dcyesi, \u0130stanbul Ticaret Odas\u0131 Meclis \u00dcyesi. \u00d6mer Faruk Akbal; 1987 y\u0131l\u0131nda Konya\u2019da d\u00fcnyaya geldi. \u0130\u015fletme B\u00f6l\u00fcm\u00fc\u2019nden mezun olmas\u0131n\u0131n ard\u0131ndan \u0130ngiltere\u2019nin Bournemouth \u00dcniversitesi\u2019nde \u201cPazarlama ve Y\u00f6netim\u201d alan\u0131nda y\u00fcksek lisans\u0131n\u0131 tamamlayan Akbal, \u0130stanbul Ticaret \u00dcniversitesi\u2019nden de \u201cY\u00f6netim ve Organizasyon\u201d konusunda doktora tezini vererek doktor \u00fcnvan\u0131na sahip oldu. Seyahat etmeyi ve kitap okumay\u0131 seviyor olmas\u0131n\u0131n d\u0131\u015f\u0131nda tarih, politika ve ekonomi konular\u0131na da [&hellip;]<\/p>\n","protected":false},"author":1,"featured_media":0,"parent":0,"menu_order":4,"comment_status":"closed","ping_status":"closed","template":"","meta":{"inline_featured_image":false},"yoast_head":"<!-- This site is optimized with the Yoast SEO plugin v19.13 - https:\/\/yoast.com\/wordpress\/plugins\/seo\/ -->\n<title>Y\u00f6netim Kurulu Ba\u015fkan\u0131, \u00d6mer Faruk Akbal | Nevita\u00ae<\/title>\n<meta name=\"description\" content=\"\u00d6mer Faruk Akbal, Fuzul Holding&#039;in \u00f6nemli markalar\u0131ndan Nevita \u00ae \u015firketinin Kurucusu ve Y\u00f6netim Kurulu Ba\u015fkan\u0131\u2019d\u0131r.\" \/>\n<meta name=\"robots\" content=\"index, follow, max-snippet:-1, max-image-preview:large, max-video-preview:-1\" \/>\n<link rel=\"canonical\" href=\"https:\/\/www.nevitaint.com\/tr\/omer-faruk-akbal\/\" \/>\n<meta property=\"og:locale\" content=\"tr_TR\" \/>\n<meta property=\"og:type\" content=\"article\" \/>\n<meta property=\"og:title\" content=\"Y\u00f6netim Kurulu Ba\u015fkan\u0131, \u00d6mer Faruk Akbal | Nevita\u00ae\" \/>\n<meta property=\"og:description\" content=\"\u00d6mer Faruk Akbal, Fuzul Holding&#039;in \u00f6nemli markalar\u0131ndan Nevita \u00ae \u015firketinin Kurucusu ve Y\u00f6netim Kurulu Ba\u015fkan\u0131\u2019d\u0131r.\" \/>\n<meta property=\"og:url\" content=\"https:\/\/www.nevitaint.com\/tr\/omer-faruk-akbal\/\" \/>\n<meta property=\"og:site_name\" content=\"Nevita\" \/>\n<meta property=\"article:modified_time\" content=\"2025-06-26T13:04:05+00:00\" \/>\n<meta name=\"twitter:card\" content=\"summary_large_image\" \/>\n<meta name=\"twitter:label1\" content=\"Tahmini okuma s\u00fcresi\" \/>\n\t<meta name=\"twitter:data1\" content=\"2 dakika\" \/>\n<script type=\"application\/ld+json\" class=\"yoast-schema-graph\">{\"@context\":\"https:\/\/schema.org\",\"@graph\":[{\"@type\":\"WebPage\",\"@id\":\"https:\/\/www.nevitaint.com\/tr\/omer-faruk-akbal\/\",\"url\":\"https:\/\/www.nevitaint.com\/tr\/omer-faruk-akbal\/\",\"name\":\"Y\u00f6netim Kurulu Ba\u015fkan\u0131, \u00d6mer Faruk Akbal | Nevita\u00ae\",\"isPartOf\":{\"@id\":\"https:\/\/www.nevitaint.com\/tr\/#website\"},\"datePublished\":\"2021-07-27T17:16:23+00:00\",\"dateModified\":\"2025-06-26T13:04:05+00:00\",\"description\":\"\u00d6mer Faruk Akbal, Fuzul Holding'in \u00f6nemli markalar\u0131ndan Nevita \u00ae \u015firketinin Kurucusu ve Y\u00f6netim Kurulu Ba\u015fkan\u0131\u2019d\u0131r.\",\"breadcrumb\":{\"@id\":\"https:\/\/www.nevitaint.com\/tr\/omer-faruk-akbal\/#breadcrumb\"},\"inLanguage\":\"tr\",\"potentialAction\":[{\"@type\":\"ReadAction\",\"target\":[\"https:\/\/www.nevitaint.com\/tr\/omer-faruk-akbal\/\"]}]},{\"@type\":\"BreadcrumbList\",\"@id\":\"https:\/\/www.nevitaint.com\/tr\/omer-faruk-akbal\/#breadcrumb\",\"itemListElement\":[{\"@type\":\"ListItem\",\"position\":1,\"name\":\"Homepage\",\"item\":\"https:\/\/www.nevitaint.com\/tr\/\"},{\"@type\":\"ListItem\",\"position\":2,\"name\":\"\u00d6mer Faruk Akbal\"}]},{\"@type\":\"WebSite\",\"@id\":\"https:\/\/www.nevitaint.com\/tr\/#website\",\"url\":\"https:\/\/www.nevitaint.com\/tr\/\",\"name\":\"Nevita\",\"description\":\"\",\"publisher\":{\"@id\":\"https:\/\/www.nevitaint.com\/tr\/#organization\"},\"potentialAction\":[{\"@type\":\"SearchAction\",\"target\":{\"@type\":\"EntryPoint\",\"urlTemplate\":\"https:\/\/www.nevitaint.com\/tr\/?s={search_term_string}\"},\"query-input\":\"required name=search_term_string\"}],\"inLanguage\":\"tr\"},{\"@type\":\"Organization\",\"@id\":\"https:\/\/www.nevitaint.com\/tr\/#organization\",\"name\":\"T\u00fcrkiye\u2019de Sat\u0131l\u0131k Gayrimenkul \u0130lanlar\u0131 | Nevita\",\"url\":\"https:\/\/www.nevitaint.com\/tr\/\",\"logo\":{\"@type\":\"ImageObject\",\"inLanguage\":\"tr\",\"@id\":\"https:\/\/www.nevitaint.com\/tr\/#\/schema\/logo\/image\/\",\"url\":\"https:\/\/www.nevitaint.com\/wp-content\/uploads\/2021\/11\/nevita-logo.jpg\",\"contentUrl\":\"https:\/\/www.nevitaint.com\/wp-content\/uploads\/2021\/11\/nevita-logo.jpg\",\"width\":640,\"height\":200,\"caption\":\"T\u00fcrkiye\u2019de Sat\u0131l\u0131k Gayrimenkul \u0130lanlar\u0131 | Nevita\"},\"image\":{\"@id\":\"https:\/\/www.nevitaint.com\/tr\/#\/schema\/logo\/image\/\"}}]}<\/script>\n<!-- \/ Yoast SEO plugin. -->","yoast_head_json":{"title":"Y\u00f6netim Kurulu Ba\u015fkan\u0131, \u00d6mer Faruk Akbal | Nevita\u00ae","description":"\u00d6mer Faruk Akbal, Fuzul Holding'in \u00f6nemli markalar\u0131ndan Nevita \u00ae \u015firketinin Kurucusu ve Y\u00f6netim Kurulu Ba\u015fkan\u0131\u2019d\u0131r.","robots":{"index":"index","follow":"follow","max-snippet":"max-snippet:-1","max-image-preview":"max-image-preview:large","max-video-preview":"max-video-preview:-1"},"canonical":"https:\/\/www.nevitaint.com\/tr\/omer-faruk-akbal\/","og_locale":"tr_TR","og_type":"article","og_title":"Y\u00f6netim Kurulu Ba\u015fkan\u0131, \u00d6mer Faruk Akbal | Nevita\u00ae","og_description":"\u00d6mer Faruk Akbal, Fuzul Holding'in \u00f6nemli markalar\u0131ndan Nevita \u00ae \u015firketinin Kurucusu ve Y\u00f6netim Kurulu Ba\u015fkan\u0131\u2019d\u0131r.","og_url":"https:\/\/www.nevitaint.com\/tr\/omer-faruk-akbal\/","og_site_name":"Nevita","article_modified_time":"2025-06-26T13:04:05+00:00","twitter_card":"summary_large_image","twitter_misc":{"Tahmini okuma s\u00fcresi":"2 dakika"},"schema":{"@context":"https:\/\/schema.org","@graph":[{"@type":"WebPage","@id":"https:\/\/www.nevitaint.com\/tr\/omer-faruk-akbal\/","url":"https:\/\/www.nevitaint.com\/tr\/omer-faruk-akbal\/","name":"Y\u00f6netim Kurulu Ba\u015fkan\u0131, \u00d6mer Faruk Akbal | Nevita\u00ae","isPartOf":{"@id":"https:\/\/www.nevitaint.com\/tr\/#website"},"datePublished":"2021-07-27T17:16:23+00:00","dateModified":"2025-06-26T13:04:05+00:00","description":"\u00d6mer Faruk Akbal, Fuzul Holding'in \u00f6nemli markalar\u0131ndan Nevita \u00ae \u015firketinin Kurucusu ve Y\u00f6netim Kurulu Ba\u015fkan\u0131\u2019d\u0131r.","breadcrumb":{"@id":"https:\/\/www.nevitaint.com\/tr\/omer-faruk-akbal\/#breadcrumb"},"inLanguage":"tr","potentialAction":[{"@type":"ReadAction","target":["https:\/\/www.nevitaint.com\/tr\/omer-faruk-akbal\/"]}]},{"@type":"BreadcrumbList","@id":"https:\/\/www.nevitaint.com\/tr\/omer-faruk-akbal\/#breadcrumb","itemListElement":[{"@type":"ListItem","position":1,"name":"Homepage","item":"https:\/\/www.nevitaint.com\/tr\/"},{"@type":"ListItem","position":2,"name":"\u00d6mer Faruk Akbal"}]},{"@type":"WebSite","@id":"https:\/\/www.nevitaint.com\/tr\/#website","url":"https:\/\/www.nevitaint.com\/tr\/","name":"Nevita","description":"","publisher":{"@id":"https:\/\/www.nevitaint.com\/tr\/#organization"},"potentialAction":[{"@type":"SearchAction","target":{"@type":"EntryPoint","urlTemplate":"https:\/\/www.nevitaint.com\/tr\/?s={search_term_string}"},"query-input":"required name=search_term_string"}],"inLanguage":"tr"},{"@type":"Organization","@id":"https:\/\/www.nevitaint.com\/tr\/#organization","name":"T\u00fcrkiye\u2019de Sat\u0131l\u0131k Gayrimenkul \u0130lanlar\u0131 | Nevita","url":"https:\/\/www.nevitaint.com\/tr\/","logo":{"@type":"ImageObject","inLanguage":"tr","@id":"https:\/\/www.nevitaint.com\/tr\/#\/schema\/logo\/image\/","url":"https:\/\/www.nevitaint.com\/wp-content\/uploads\/2021\/11\/nevita-logo.jpg","contentUrl":"https:\/\/www.nevitaint.com\/wp-content\/uploads\/2021\/11\/nevita-logo.jpg","width":640,"height":200,"caption":"T\u00fcrkiye\u2019de Sat\u0131l\u0131k Gayrimenkul \u0130lanlar\u0131 | Nevita"},"image":{"@id":"https:\/\/www.nevitaint.com\/tr\/#\/schema\/logo\/image\/"}}]}},"_links":{"self":[{"href":"https:\/\/www.nevitaint.com\/tr\/wp-json\/wp\/v2\/pages\/32813"}],"collection":[{"href":"https:\/\/www.nevitaint.com\/tr\/wp-json\/wp\/v2\/pages"}],"about":[{"href":"https:\/\/www.nevitaint.com\/tr\/wp-json\/wp\/v2\/types\/page"}],"author":[{"embeddable":true,"href":"https:\/\/www.nevitaint.com\/tr\/wp-json\/wp\/v2\/users\/1"}],"replies":[{"embeddable":true,"href":"https:\/\/www.nevitaint.com\/tr\/wp-json\/wp\/v2\/comments?post=32813"}],"version-history":[{"count":15,"href":"https:\/\/www.nevitaint.com\/tr\/wp-json\/wp\/v2\/pages\/32813\/revisions"}],"predecessor-version":[{"id":61969,"href":"https:\/\/www.nevitaint.com\/tr\/wp-json\/wp\/v2\/pages\/32813\/revisions\/61969"}],"wp:attachment":[{"href":"https:\/\/www.nevitaint.com\/tr\/wp-json\/wp\/v2\/media?parent=32813"}],"curies":[{"name":"wp","href":"https:\/\/api.w.org\/{rel}","templated":true}]}}