{"id":32827,"date":"2021-07-27T20:22:13","date_gmt":"2021-07-27T17:22:13","guid":{"rendered":"https:\/\/www.nevitaint.com\/r-yusuf-akbal\/"},"modified":"2023-05-30T16:37:54","modified_gmt":"2023-05-30T13:37:54","slug":"resit-yusuf-akbal","status":"publish","type":"page","link":"https:\/\/www.nevitaint.com\/tr\/resit-yusuf-akbal\/","title":{"rendered":"Re\u015fit Yusuf Akbal"},"content":{"rendered":"\r\n<div class=\"is-layout-flex wp-container-3 wp-block-columns\">\r\n<div class=\"is-layout-flow wp-block-column\" style=\"flex-basis: 33.33%;\">\r\n<figure class=\"wp-block-image size-large\"><img decoding=\"async\" loading=\"lazy\" width=\"360\" height=\"415\" class=\"wp-image-32623\" src=\"https:\/\/www.nevitaint.com\/wp-content\/uploads\/2021\/06\/yusuf.jpg\" alt=\"\" srcset=\"https:\/\/www.nevitaint.com\/wp-content\/uploads\/2021\/06\/yusuf.jpg 360w, https:\/\/www.nevitaint.com\/wp-content\/uploads\/2021\/06\/yusuf-260x300.jpg 260w\" sizes=\"(max-width: 360px) 100vw, 360px\" \/><\/figure>\r\n<\/div>\r\n\r\n\r\n\r\n<div class=\"is-layout-flow wp-block-column\" style=\"flex-basis: 66.66%;\">\r\n<p>R. Yusuf Akbal ASFA lisesinden mezun olduktan sonra \u0130stanbul \u015eehir \u00dcniversitesi\u2019nin \u0130ngilizce \u0130\u015fletme b\u00f6l\u00fcm\u00fcnden mezun oldu. Daha sonras\u0131nda Greenwich \u00dcniversitesi\u2019nde Stratejik Pazarlama b\u00f6l\u00fcm\u00fc \u00fczerine tezli y\u00fcksek lisans e\u011fitimini tamamlad\u0131. \u2018\u2019Ki\u015filerin Dindarl\u0131k Seviyesine G\u00f6re \u0130n\u015faat Sekt\u00f6r\u00fcnde Marka \u0130simlerinin M\u00fc\u015fteri Alg\u0131s\u0131 \u00dczerindeki Etkisi\u2019\u2019 ba\u015fl\u0131kl\u0131 tezini yay\u0131nlad\u0131ktan sonra 2016 y\u0131l\u0131nda \u0130stanbul\u2019a geri d\u00f6nd\u00fc.<\/p>\r\n\r\n\r\n\r\n<p>4 y\u0131ld\u0131r Nevita&#8217;da Y\u00f6netim Kurulu Ba\u015fkan Yard\u0131mc\u0131s\u0131 olarak uluslararas\u0131 gayrimenkul yat\u0131r\u0131m ve dan\u0131\u015fmanl\u0131k hizmetleriyle alakal\u0131 g\u00f6revini ifa etmektedir.<\/p>\r\n\r\n\r\n\r\n<p>G\u00f6n\u00fcll\u00fc olarak sosyal faaliyetlerde bulunmak maksad\u0131yla M\u00dcS\u0130AD\u2019\u0131n gen\u00e7lik kurulu\u015fu olan Gen\u00e7 M\u00dcS\u0130AD b\u00fcnyesinde 2014-2015 y\u0131llar\u0131nda G\u0131da ve Tar\u0131m Sekt\u00f6r Birimi\u2019nde \u00fcye, 2015-2016 y\u0131llar\u0131nda Yurtd\u0131\u015f\u0131 Te\u015fkilatlanma Birimi\u2019nde ba\u015fkan yard\u0131mc\u0131l\u0131\u011f\u0131, 2016-2019 y\u0131llar\u0131 aras\u0131nda ayn\u0131 birimin ba\u015fkanl\u0131k g\u00f6revini y\u00fcr\u00fctm\u00fc\u015ft\u00fcr. \u015euan Gen\u00e7 M\u00dcS\u0130AD\u2019\u0131n Y\u00f6netim Kurulu \u00fcyesi olarak hizmet vermektedir. Yusuf Akbal ayr\u0131ca GYODER b\u00fcnyesinde Gayrimenkul \u0130hracat\u00e7\u0131lar Komitesi\u2019nde \u00fcye olarak da g\u00f6rev almaktad\u0131r. Bunun yan\u0131nda 2019 Kas\u0131m ay\u0131ndan beri DE\u0130K Libya ve Filistin \u0130\u015f Konseylerinde Y\u00f6netim Kurulu \u00fcyeli\u011fi g\u00f6revinde bulunmaktad\u0131r.<\/p>\r\n<\/div>\r\n<\/div>\r\n","protected":false},"excerpt":{"rendered":"<p>R. Yusuf Akbal ASFA lisesinden mezun olduktan sonra \u0130stanbul \u015eehir \u00dcniversitesi\u2019nin \u0130ngilizce \u0130\u015fletme b\u00f6l\u00fcm\u00fcnden mezun oldu. Daha sonras\u0131nda Greenwich \u00dcniversitesi\u2019nde Stratejik Pazarlama b\u00f6l\u00fcm\u00fc \u00fczerine tezli y\u00fcksek lisans e\u011fitimini tamamlad\u0131. \u2018\u2019Ki\u015filerin Dindarl\u0131k Seviyesine G\u00f6re \u0130n\u015faat Sekt\u00f6r\u00fcnde Marka \u0130simlerinin M\u00fc\u015fteri Alg\u0131s\u0131 \u00dczerindeki Etkisi\u2019\u2019 ba\u015fl\u0131kl\u0131 tezini yay\u0131nlad\u0131ktan sonra 2016 y\u0131l\u0131nda \u0130stanbul\u2019a geri d\u00f6nd\u00fc. 4 y\u0131ld\u0131r Nevita&#8217;da Y\u00f6netim Kurulu Ba\u015fkan Yard\u0131mc\u0131s\u0131 olarak uluslararas\u0131 gayrimenkul yat\u0131r\u0131m ve dan\u0131\u015fmanl\u0131k hizmetleriyle alakal\u0131 g\u00f6revini ifa etmektedir. G\u00f6n\u00fcll\u00fc olarak sosyal faaliyetlerde bulunmak maksad\u0131yla M\u00dcS\u0130AD\u2019\u0131n gen\u00e7lik kurulu\u015fu olan Gen\u00e7 M\u00dcS\u0130AD b\u00fcnyesinde 2014-2015 y\u0131llar\u0131nda G\u0131da ve Tar\u0131m Sekt\u00f6r Birimi\u2019nde \u00fcye, 2015-2016 y\u0131llar\u0131nda Yurtd\u0131\u015f\u0131 Te\u015fkilatlanma Birimi\u2019nde ba\u015fkan yard\u0131mc\u0131l\u0131\u011f\u0131, 2016-2019 y\u0131llar\u0131 aras\u0131nda ayn\u0131 [&hellip;]<\/p>\n","protected":false},"author":1,"featured_media":0,"parent":0,"menu_order":2,"comment_status":"closed","ping_status":"closed","template":"","meta":{"inline_featured_image":false},"yoast_head":"<!-- This site is optimized with the Yoast SEO plugin v19.13 - https:\/\/yoast.com\/wordpress\/plugins\/seo\/ -->\n<title>Y\u00f6netim Kurulu Ba\u015fkan Yard\u0131mc\u0131s\u0131 Re\u015fit Yusuf Akbal | Nevita \u00ae<\/title>\n<meta name=\"description\" content=\"Re\u015fit Yusuf Akbal, Fuzul Grubu&#039;nun \u00f6nemli markalar\u0131ndan biri olan Nevita \u00ae&#039;da Y\u00f6netim Kurulu Ba\u015fkan Yard\u0131mc\u0131s\u0131d\u0131r. Profilini ke\u015ffedin!\" \/>\n<meta name=\"robots\" content=\"index, follow, max-snippet:-1, max-image-preview:large, max-video-preview:-1\" \/>\n<link rel=\"canonical\" href=\"https:\/\/www.nevitaint.com\/tr\/resit-yusuf-akbal\/\" \/>\n<meta property=\"og:locale\" content=\"tr_TR\" \/>\n<meta property=\"og:type\" content=\"article\" \/>\n<meta property=\"og:title\" content=\"Y\u00f6netim Kurulu Ba\u015fkan Yard\u0131mc\u0131s\u0131 Re\u015fit Yusuf Akbal | Nevita \u00ae\" \/>\n<meta property=\"og:description\" content=\"Re\u015fit Yusuf Akbal, Fuzul Grubu&#039;nun \u00f6nemli markalar\u0131ndan biri olan Nevita \u00ae&#039;da Y\u00f6netim Kurulu Ba\u015fkan Yard\u0131mc\u0131s\u0131d\u0131r. Profilini ke\u015ffedin!\" \/>\n<meta property=\"og:url\" content=\"https:\/\/www.nevitaint.com\/tr\/resit-yusuf-akbal\/\" \/>\n<meta property=\"og:site_name\" content=\"Nevita\" \/>\n<meta property=\"article:modified_time\" content=\"2023-05-30T13:37:54+00:00\" \/>\n<meta property=\"og:image\" content=\"https:\/\/www.nevitaint.com\/wp-content\/uploads\/2021\/06\/yusuf.jpg\" \/>\n<meta name=\"twitter:card\" content=\"summary_large_image\" \/>\n<meta name=\"twitter:label1\" content=\"Tahmini okuma s\u00fcresi\" \/>\n\t<meta name=\"twitter:data1\" content=\"1 dakika\" \/>\n<script type=\"application\/ld+json\" class=\"yoast-schema-graph\">{\"@context\":\"https:\/\/schema.org\",\"@graph\":[{\"@type\":\"WebPage\",\"@id\":\"https:\/\/www.nevitaint.com\/tr\/resit-yusuf-akbal\/\",\"url\":\"https:\/\/www.nevitaint.com\/tr\/resit-yusuf-akbal\/\",\"name\":\"Y\u00f6netim Kurulu Ba\u015fkan Yard\u0131mc\u0131s\u0131 Re\u015fit Yusuf Akbal | Nevita \u00ae\",\"isPartOf\":{\"@id\":\"https:\/\/www.nevitaint.com\/tr\/#website\"},\"datePublished\":\"2021-07-27T17:22:13+00:00\",\"dateModified\":\"2023-05-30T13:37:54+00:00\",\"description\":\"Re\u015fit Yusuf Akbal, Fuzul Grubu'nun \u00f6nemli markalar\u0131ndan biri olan Nevita \u00ae'da Y\u00f6netim Kurulu Ba\u015fkan Yard\u0131mc\u0131s\u0131d\u0131r. Profilini ke\u015ffedin!\",\"breadcrumb\":{\"@id\":\"https:\/\/www.nevitaint.com\/tr\/resit-yusuf-akbal\/#breadcrumb\"},\"inLanguage\":\"tr\",\"potentialAction\":[{\"@type\":\"ReadAction\",\"target\":[\"https:\/\/www.nevitaint.com\/tr\/resit-yusuf-akbal\/\"]}]},{\"@type\":\"BreadcrumbList\",\"@id\":\"https:\/\/www.nevitaint.com\/tr\/resit-yusuf-akbal\/#breadcrumb\",\"itemListElement\":[{\"@type\":\"ListItem\",\"position\":1,\"name\":\"Homepage\",\"item\":\"https:\/\/www.nevitaint.com\/tr\/\"},{\"@type\":\"ListItem\",\"position\":2,\"name\":\"Re\u015fit Yusuf Akbal\"}]},{\"@type\":\"WebSite\",\"@id\":\"https:\/\/www.nevitaint.com\/tr\/#website\",\"url\":\"https:\/\/www.nevitaint.com\/tr\/\",\"name\":\"Nevita\",\"description\":\"\",\"publisher\":{\"@id\":\"https:\/\/www.nevitaint.com\/tr\/#organization\"},\"potentialAction\":[{\"@type\":\"SearchAction\",\"target\":{\"@type\":\"EntryPoint\",\"urlTemplate\":\"https:\/\/www.nevitaint.com\/tr\/?s={search_term_string}\"},\"query-input\":\"required name=search_term_string\"}],\"inLanguage\":\"tr\"},{\"@type\":\"Organization\",\"@id\":\"https:\/\/www.nevitaint.com\/tr\/#organization\",\"name\":\"T\u00fcrkiye\u2019de Sat\u0131l\u0131k Gayrimenkul \u0130lanlar\u0131 | Nevita\",\"url\":\"https:\/\/www.nevitaint.com\/tr\/\",\"logo\":{\"@type\":\"ImageObject\",\"inLanguage\":\"tr\",\"@id\":\"https:\/\/www.nevitaint.com\/tr\/#\/schema\/logo\/image\/\",\"url\":\"https:\/\/www.nevitaint.com\/wp-content\/uploads\/2021\/11\/nevita-logo.jpg\",\"contentUrl\":\"https:\/\/www.nevitaint.com\/wp-content\/uploads\/2021\/11\/nevita-logo.jpg\",\"width\":640,\"height\":200,\"caption\":\"T\u00fcrkiye\u2019de Sat\u0131l\u0131k Gayrimenkul \u0130lanlar\u0131 | Nevita\"},\"image\":{\"@id\":\"https:\/\/www.nevitaint.com\/tr\/#\/schema\/logo\/image\/\"}}]}<\/script>\n<!-- \/ Yoast SEO plugin. -->","yoast_head_json":{"title":"Y\u00f6netim Kurulu Ba\u015fkan Yard\u0131mc\u0131s\u0131 Re\u015fit Yusuf Akbal | Nevita \u00ae","description":"Re\u015fit Yusuf Akbal, Fuzul Grubu'nun \u00f6nemli markalar\u0131ndan biri olan Nevita \u00ae'da Y\u00f6netim Kurulu Ba\u015fkan Yard\u0131mc\u0131s\u0131d\u0131r. Profilini ke\u015ffedin!","robots":{"index":"index","follow":"follow","max-snippet":"max-snippet:-1","max-image-preview":"max-image-preview:large","max-video-preview":"max-video-preview:-1"},"canonical":"https:\/\/www.nevitaint.com\/tr\/resit-yusuf-akbal\/","og_locale":"tr_TR","og_type":"article","og_title":"Y\u00f6netim Kurulu Ba\u015fkan Yard\u0131mc\u0131s\u0131 Re\u015fit Yusuf Akbal | Nevita \u00ae","og_description":"Re\u015fit Yusuf Akbal, Fuzul Grubu'nun \u00f6nemli markalar\u0131ndan biri olan Nevita \u00ae'da Y\u00f6netim Kurulu Ba\u015fkan Yard\u0131mc\u0131s\u0131d\u0131r. Profilini ke\u015ffedin!","og_url":"https:\/\/www.nevitaint.com\/tr\/resit-yusuf-akbal\/","og_site_name":"Nevita","article_modified_time":"2023-05-30T13:37:54+00:00","og_image":[{"url":"https:\/\/www.nevitaint.com\/wp-content\/uploads\/2021\/06\/yusuf.jpg"}],"twitter_card":"summary_large_image","twitter_misc":{"Tahmini okuma s\u00fcresi":"1 dakika"},"schema":{"@context":"https:\/\/schema.org","@graph":[{"@type":"WebPage","@id":"https:\/\/www.nevitaint.com\/tr\/resit-yusuf-akbal\/","url":"https:\/\/www.nevitaint.com\/tr\/resit-yusuf-akbal\/","name":"Y\u00f6netim Kurulu Ba\u015fkan Yard\u0131mc\u0131s\u0131 Re\u015fit Yusuf Akbal | Nevita \u00ae","isPartOf":{"@id":"https:\/\/www.nevitaint.com\/tr\/#website"},"datePublished":"2021-07-27T17:22:13+00:00","dateModified":"2023-05-30T13:37:54+00:00","description":"Re\u015fit Yusuf Akbal, Fuzul Grubu'nun \u00f6nemli markalar\u0131ndan biri olan Nevita \u00ae'da Y\u00f6netim Kurulu Ba\u015fkan Yard\u0131mc\u0131s\u0131d\u0131r. Profilini ke\u015ffedin!","breadcrumb":{"@id":"https:\/\/www.nevitaint.com\/tr\/resit-yusuf-akbal\/#breadcrumb"},"inLanguage":"tr","potentialAction":[{"@type":"ReadAction","target":["https:\/\/www.nevitaint.com\/tr\/resit-yusuf-akbal\/"]}]},{"@type":"BreadcrumbList","@id":"https:\/\/www.nevitaint.com\/tr\/resit-yusuf-akbal\/#breadcrumb","itemListElement":[{"@type":"ListItem","position":1,"name":"Homepage","item":"https:\/\/www.nevitaint.com\/tr\/"},{"@type":"ListItem","position":2,"name":"Re\u015fit Yusuf Akbal"}]},{"@type":"WebSite","@id":"https:\/\/www.nevitaint.com\/tr\/#website","url":"https:\/\/www.nevitaint.com\/tr\/","name":"Nevita","description":"","publisher":{"@id":"https:\/\/www.nevitaint.com\/tr\/#organization"},"potentialAction":[{"@type":"SearchAction","target":{"@type":"EntryPoint","urlTemplate":"https:\/\/www.nevitaint.com\/tr\/?s={search_term_string}"},"query-input":"required name=search_term_string"}],"inLanguage":"tr"},{"@type":"Organization","@id":"https:\/\/www.nevitaint.com\/tr\/#organization","name":"T\u00fcrkiye\u2019de Sat\u0131l\u0131k Gayrimenkul \u0130lanlar\u0131 | Nevita","url":"https:\/\/www.nevitaint.com\/tr\/","logo":{"@type":"ImageObject","inLanguage":"tr","@id":"https:\/\/www.nevitaint.com\/tr\/#\/schema\/logo\/image\/","url":"https:\/\/www.nevitaint.com\/wp-content\/uploads\/2021\/11\/nevita-logo.jpg","contentUrl":"https:\/\/www.nevitaint.com\/wp-content\/uploads\/2021\/11\/nevita-logo.jpg","width":640,"height":200,"caption":"T\u00fcrkiye\u2019de Sat\u0131l\u0131k Gayrimenkul \u0130lanlar\u0131 | Nevita"},"image":{"@id":"https:\/\/www.nevitaint.com\/tr\/#\/schema\/logo\/image\/"}}]}},"_links":{"self":[{"href":"https:\/\/www.nevitaint.com\/tr\/wp-json\/wp\/v2\/pages\/32827"}],"collection":[{"href":"https:\/\/www.nevitaint.com\/tr\/wp-json\/wp\/v2\/pages"}],"about":[{"href":"https:\/\/www.nevitaint.com\/tr\/wp-json\/wp\/v2\/types\/page"}],"author":[{"embeddable":true,"href":"https:\/\/www.nevitaint.com\/tr\/wp-json\/wp\/v2\/users\/1"}],"replies":[{"embeddable":true,"href":"https:\/\/www.nevitaint.com\/tr\/wp-json\/wp\/v2\/comments?post=32827"}],"version-history":[{"count":1,"href":"https:\/\/www.nevitaint.com\/tr\/wp-json\/wp\/v2\/pages\/32827\/revisions"}],"predecessor-version":[{"id":59448,"href":"https:\/\/www.nevitaint.com\/tr\/wp-json\/wp\/v2\/pages\/32827\/revisions\/59448"}],"wp:attachment":[{"href":"https:\/\/www.nevitaint.com\/tr\/wp-json\/wp\/v2\/media?parent=32827"}],"curies":[{"name":"wp","href":"https:\/\/api.w.org\/{rel}","templated":true}]}}